{"id":270,"date":"2017-10-27T06:28:40","date_gmt":"2017-10-27T04:28:40","guid":{"rendered":"https:\/\/blogs.musikerohnegrenzen.de\/constantinsiebert\/?page_id=270"},"modified":"2017-10-27T06:28:40","modified_gmt":"2017-10-27T04:28:40","slug":"featured-blogs-presented-by-cons","status":"publish","type":"page","link":"https:\/\/blogs.musikerohnegrenzen.de\/constantinsiebert\/featured-blogs-presented-by-cons\/","title":{"rendered":"Featured Blogs &#8211; presented by Cons"},"content":{"rendered":"<p style=\"text-align: justify\">Viele gleichalterige Freunde, die jetzt nach dem Abi die Welt und sich selbst finden wollen, aber genauso coole Oldies (<em>old but still rippin&#8216; hard<\/em>) sind auch digital unterwegs. Die folgenden Blogs kann ich nur w\u00e4rmstens empfehlen:<\/p>\n<p style=\"text-align: justify\">(ohne R\u00fccksicht auf eine Reihenfolge)<\/p>\n<h2 style=\"text-align: justify\"><a href=\"https:\/\/trumpetgoeswild.de\/\">Trumpet goes wild<\/a><\/h2>\n<ul style=\"text-align: justify\">\n<li>Simon, ein Freiwilliger von Musiker ohne Grenzen, interessiert sich f\u00fcr Informatik. Dementsprechend sieht sein Blog auch aus: Komplett durchgestylet!<\/li>\n<\/ul>\n<div class=\"wrap\">\n<div id=\"primary\" class=\"content-area\">\n<article id=\"post-99\" class=\"post-99 page type-page status-publish hentry\">\n<header class=\"entry-header\"><\/header>\n<div class=\"entry-content\">\n<blockquote>\n<p style=\"text-align: justify\"><span style=\"font-size: 10pt\"><a href=\"http:\/\/trumpetgoeswild.de\/\"><img data-attachment-id=\"271\" data-permalink=\"https:\/\/blogs.musikerohnegrenzen.de\/constantinsiebert\/featured-blogs-presented-by-cons\/20171010_092851\/\" data-orig-file=\"https:\/\/i0.wp.com\/blogs.musikerohnegrenzen.de\/constantinsiebert\/wp-content\/uploads\/sites\/31\/2017\/10\/20171010_092851.jpg?fit=2000%2C1200&amp;ssl=1\" data-orig-size=\"2000,1200\" data-comments-opened=\"1\" data-image-meta=\"{&quot;aperture&quot;:&quot;0&quot;,&quot;credit&quot;:&quot;&quot;,&quot;camera&quot;:&quot;&quot;,&quot;caption&quot;:&quot;&quot;,&quot;created_timestamp&quot;:&quot;0&quot;,&quot;copyright&quot;:&quot;&quot;,&quot;focal_length&quot;:&quot;0&quot;,&quot;iso&quot;:&quot;0&quot;,&quot;shutter_speed&quot;:&quot;0&quot;,&quot;title&quot;:&quot;&quot;,&quot;orientation&quot;:&quot;0&quot;}\" data-image-title=\"20171010_092851\" data-image-description=\"\" data-image-caption=\"\" data-medium-file=\"https:\/\/i0.wp.com\/blogs.musikerohnegrenzen.de\/constantinsiebert\/wp-content\/uploads\/sites\/31\/2017\/10\/20171010_092851.jpg?fit=300%2C180&amp;ssl=1\" data-large-file=\"https:\/\/i0.wp.com\/blogs.musikerohnegrenzen.de\/constantinsiebert\/wp-content\/uploads\/sites\/31\/2017\/10\/20171010_092851.jpg?fit=680%2C408&amp;ssl=1\" loading=\"lazy\" class=\"alignleft wp-image-271 size-thumbnail\" src=\"https:\/\/i0.wp.com\/blogs.musikerohnegrenzen.de\/constantinsiebert\/wp-content\/uploads\/sites\/31\/2017\/10\/20171010_092851.jpg?resize=150%2C150&#038;ssl=1\" alt=\"\" width=\"150\" height=\"150\" srcset=\"https:\/\/i0.wp.com\/blogs.musikerohnegrenzen.de\/constantinsiebert\/wp-content\/uploads\/sites\/31\/2017\/10\/20171010_092851.jpg?resize=150%2C150&amp;ssl=1 150w, https:\/\/i0.wp.com\/blogs.musikerohnegrenzen.de\/constantinsiebert\/wp-content\/uploads\/sites\/31\/2017\/10\/20171010_092851.jpg?zoom=2&amp;resize=150%2C150&amp;ssl=1 300w, https:\/\/i0.wp.com\/blogs.musikerohnegrenzen.de\/constantinsiebert\/wp-content\/uploads\/sites\/31\/2017\/10\/20171010_092851.jpg?zoom=3&amp;resize=150%2C150&amp;ssl=1 450w\" sizes=\"(max-width: 150px) 100vw, 150px\" data-recalc-dims=\"1\" \/><\/a>Um meinem Hobby, der Musik, weiter nachzugehen, habe ich mir vorgenommen ein FSJ auch in diesem Bereich zu machen. So habe ich das Projekt <a href=\"http:\/\/musikerohnegrenzen.de\/\">Musiker ohne Grenzen<\/a> entdeckt. [&#8230;] Hier in Ecuador unterrichte ich jetzt Trompete, Klavier, leite Ensembles, halte Band Proben und gebe auch ein wenig Theorieunterricht. <\/span><\/p>\n<p style=\"text-align: justify\"><span style=\"font-size: 10pt\">Zus\u00e4tzlich werde ich aber auch Zeit f\u00fcr ein wenig Reisen in Ecuador haben, in die Berge und den tropischen Regenwald fahren und Land und Leute kennenlernen. Auch von dort wird geblogt, soweit es das Internet zul\u00e4sst. Viele sch\u00f6ne Bilder sind aber garantiert!<\/span><\/p>\n<\/blockquote>\n<h2 style=\"text-align: justify\"><a href=\"https:\/\/fourkidsinsoutheastasia.wordpress.com\/\">Four kids in Southeastasia<\/a><\/h2>\n<ul style=\"text-align: justify\">\n<li>Marit, Luise, Leonie und Noah sind alte Freunde, die nach dem Abi schwer geschuftet haben, um sich den Traum einer Reise nach S\u00fcdostasien zu verwirklichen.<\/li>\n<\/ul>\n<blockquote>\n<p style=\"text-align: justify\"><a href=\"http:\/\/fourkidsinsoutheastasia.wordpress.com\/\"><img data-attachment-id=\"274\" data-permalink=\"https:\/\/blogs.musikerohnegrenzen.de\/constantinsiebert\/featured-blogs-presented-by-cons\/img-20171024-wa0018-452170718\/\" data-orig-file=\"https:\/\/i2.wp.com\/blogs.musikerohnegrenzen.de\/constantinsiebert\/wp-content\/uploads\/sites\/31\/2017\/10\/img-20171024-wa0018-452170718.jpg?fit=1280%2C719&amp;ssl=1\" data-orig-size=\"1280,719\" data-comments-opened=\"1\" data-image-meta=\"{&quot;aperture&quot;:&quot;0&quot;,&quot;credit&quot;:&quot;&quot;,&quot;camera&quot;:&quot;&quot;,&quot;caption&quot;:&quot;&quot;,&quot;created_timestamp&quot;:&quot;0&quot;,&quot;copyright&quot;:&quot;&quot;,&quot;focal_length&quot;:&quot;0&quot;,&quot;iso&quot;:&quot;0&quot;,&quot;shutter_speed&quot;:&quot;0&quot;,&quot;title&quot;:&quot;&quot;,&quot;orientation&quot;:&quot;0&quot;}\" data-image-title=\"img-20171024-wa0018-452170718\" data-image-description=\"\" data-image-caption=\"\" data-medium-file=\"https:\/\/i2.wp.com\/blogs.musikerohnegrenzen.de\/constantinsiebert\/wp-content\/uploads\/sites\/31\/2017\/10\/img-20171024-wa0018-452170718.jpg?fit=300%2C169&amp;ssl=1\" data-large-file=\"https:\/\/i2.wp.com\/blogs.musikerohnegrenzen.de\/constantinsiebert\/wp-content\/uploads\/sites\/31\/2017\/10\/img-20171024-wa0018-452170718.jpg?fit=680%2C382&amp;ssl=1\" loading=\"lazy\" class=\"alignleft wp-image-274 size-thumbnail\" src=\"https:\/\/i2.wp.com\/blogs.musikerohnegrenzen.de\/constantinsiebert\/wp-content\/uploads\/sites\/31\/2017\/10\/img-20171024-wa0018-452170718.jpg?resize=150%2C150&#038;ssl=1\" alt=\"\" width=\"150\" height=\"150\" srcset=\"https:\/\/i2.wp.com\/blogs.musikerohnegrenzen.de\/constantinsiebert\/wp-content\/uploads\/sites\/31\/2017\/10\/img-20171024-wa0018-452170718.jpg?resize=150%2C150&amp;ssl=1 150w, https:\/\/i2.wp.com\/blogs.musikerohnegrenzen.de\/constantinsiebert\/wp-content\/uploads\/sites\/31\/2017\/10\/img-20171024-wa0018-452170718.jpg?zoom=2&amp;resize=150%2C150&amp;ssl=1 300w, https:\/\/i2.wp.com\/blogs.musikerohnegrenzen.de\/constantinsiebert\/wp-content\/uploads\/sites\/31\/2017\/10\/img-20171024-wa0018-452170718.jpg?zoom=3&amp;resize=150%2C150&amp;ssl=1 450w\" sizes=\"(max-width: 150px) 100vw, 150px\" data-recalc-dims=\"1\" \/><\/a><span style=\"font-size: 10pt\">Wir sind vier Jugendliche auf Reisen in S\u00fcd-Ost Asien. Wir sind grade mit dem Abi fertig und planen, die Zeit vor dem \u201eechten Leben\u201c noch angemessen zu genie\u00dfen. Zu diesen Zwecke geht es nach Thailand, Laos, Kambodscha und Malaysia durch St\u00e4dte, \u00fcber Fl\u00fcsse und auf Inseln. F\u00fcr uns alle wird es die l\u00e4ngste Zeit die wir jemals von Zuhause weg waren, dementsprechend sind wir aufgeregt und brauchen einen Platz wo uns unsere besorgten und interessierten Familien und Freunde stalken k\u00f6nnen \u2013 dieser Platz ist hier.<\/span><\/p>\n<\/blockquote>\n<h2 style=\"text-align: justify\"><a href=\"http:\/\/blogs.nmz.de\/upgrade\/\">Upgrade-Blog<\/a><\/h2>\n<ul style=\"text-align: justify\">\n<li>Das war ein tolles Projekt, das der Leiter der Kompositions-AG meiner Schule in die Wege geleitet hat. Zusammen mit ihm sind wir drei Tage lang nach Donaueschingen gereist, um dort ein Chorfestival journalistisch festzuhalten. Hier haben die meisten Teilnehmer der AG (so auch ich) ihre ersten Schritte in der zu erobernden Bloggerszene gemacht. Nur unser Lehrer Hr. Stiefel musste k\u00fcrzer treten und wurde zum Busfahrer und Blogwart degradiert.<\/li>\n<\/ul>\n<blockquote>\n<p style=\"text-align: justify\"><a href=\"http:\/\/blogs.nmz.de\/upgrade\/\"><img data-attachment-id=\"278\" data-permalink=\"https:\/\/blogs.musikerohnegrenzen.de\/constantinsiebert\/featured-blogs-presented-by-cons\/header\/\" data-orig-file=\"https:\/\/i1.wp.com\/blogs.musikerohnegrenzen.de\/constantinsiebert\/wp-content\/uploads\/sites\/31\/2017\/10\/header.jpg?fit=1380%2C280&amp;ssl=1\" data-orig-size=\"1380,280\" data-comments-opened=\"1\" data-image-meta=\"{&quot;aperture&quot;:&quot;0&quot;,&quot;credit&quot;:&quot;&quot;,&quot;camera&quot;:&quot;&quot;,&quot;caption&quot;:&quot;&quot;,&quot;created_timestamp&quot;:&quot;0&quot;,&quot;copyright&quot;:&quot;&quot;,&quot;focal_length&quot;:&quot;0&quot;,&quot;iso&quot;:&quot;0&quot;,&quot;shutter_speed&quot;:&quot;0&quot;,&quot;title&quot;:&quot;&quot;,&quot;orientation&quot;:&quot;1&quot;}\" data-image-title=\"header\" data-image-description=\"\" data-image-caption=\"\" data-medium-file=\"https:\/\/i1.wp.com\/blogs.musikerohnegrenzen.de\/constantinsiebert\/wp-content\/uploads\/sites\/31\/2017\/10\/header.jpg?fit=300%2C61&amp;ssl=1\" data-large-file=\"https:\/\/i1.wp.com\/blogs.musikerohnegrenzen.de\/constantinsiebert\/wp-content\/uploads\/sites\/31\/2017\/10\/header.jpg?fit=680%2C138&amp;ssl=1\" loading=\"lazy\" class=\"aligncenter wp-image-278 size-full\" src=\"https:\/\/i1.wp.com\/blogs.musikerohnegrenzen.de\/constantinsiebert\/wp-content\/uploads\/sites\/31\/2017\/10\/header.jpg?resize=680%2C138&#038;ssl=1\" alt=\"\" width=\"680\" height=\"138\" srcset=\"https:\/\/i1.wp.com\/blogs.musikerohnegrenzen.de\/constantinsiebert\/wp-content\/uploads\/sites\/31\/2017\/10\/header.jpg?w=1380&amp;ssl=1 1380w, https:\/\/i1.wp.com\/blogs.musikerohnegrenzen.de\/constantinsiebert\/wp-content\/uploads\/sites\/31\/2017\/10\/header.jpg?resize=300%2C61&amp;ssl=1 300w, https:\/\/i1.wp.com\/blogs.musikerohnegrenzen.de\/constantinsiebert\/wp-content\/uploads\/sites\/31\/2017\/10\/header.jpg?resize=768%2C156&amp;ssl=1 768w, https:\/\/i1.wp.com\/blogs.musikerohnegrenzen.de\/constantinsiebert\/wp-content\/uploads\/sites\/31\/2017\/10\/header.jpg?resize=1024%2C208&amp;ssl=1 1024w\" sizes=\"(max-width: 680px) 100vw, 680px\" data-recalc-dims=\"1\" \/><\/a><span style=\"font-size: 10pt\">Dies<em> ist ein Blog, auf dem Sch\u00fcler \u00fcber das UPGRADE Festival in Donaueschingen (24. &#8211; 26. M\u00e4rz 2017) berichten. Redaktionell betreut von Philipp Krechlak und Holger Kurtz von der Neuen Musikzeitung. Viel Spa\u00df beim Lesen, wir freuen uns \u00fcber Kommentare!<\/em><\/span><\/p>\n<\/blockquote>\n<h2 style=\"text-align: justify\"><a href=\"http:\/\/musik-mitallemundvielscharf.de\/\">Musik &#8211; mit allem und viel scharf<\/a><\/h2>\n<ul style=\"text-align: justify\">\n<li>Der Blog, der uns von unsern beiden Menthoren beim UPGRADE-Blog ans Herz gelegt wurde. Nicht zuletzt, weil die beiden Autoren auf diesem Blog sind. Kuriosit\u00e4ten der Musikszene werden hier aufgetischt. Das Logo, das auch auf einem der Laptops der Autoren prangte, gef\u00e4llt mir jedenfalls schonmal sehr gut!<\/li>\n<\/ul>\n<blockquote>\n<h2 style=\"text-align: justify\"><span style=\"font-size: 10pt\"><img data-attachment-id=\"280\" data-permalink=\"https:\/\/blogs.musikerohnegrenzen.de\/constantinsiebert\/featured-blogs-presented-by-cons\/header2\/\" data-orig-file=\"https:\/\/i2.wp.com\/blogs.musikerohnegrenzen.de\/constantinsiebert\/wp-content\/uploads\/sites\/31\/2017\/10\/header2.png?fit=1380%2C280&amp;ssl=1\" data-orig-size=\"1380,280\" data-comments-opened=\"1\" data-image-meta=\"{&quot;aperture&quot;:&quot;0&quot;,&quot;credit&quot;:&quot;&quot;,&quot;camera&quot;:&quot;&quot;,&quot;caption&quot;:&quot;&quot;,&quot;created_timestamp&quot;:&quot;0&quot;,&quot;copyright&quot;:&quot;&quot;,&quot;focal_length&quot;:&quot;0&quot;,&quot;iso&quot;:&quot;0&quot;,&quot;shutter_speed&quot;:&quot;0&quot;,&quot;title&quot;:&quot;&quot;,&quot;orientation&quot;:&quot;0&quot;}\" data-image-title=\"header2\" data-image-description=\"\" data-image-caption=\"\" data-medium-file=\"https:\/\/i2.wp.com\/blogs.musikerohnegrenzen.de\/constantinsiebert\/wp-content\/uploads\/sites\/31\/2017\/10\/header2.png?fit=300%2C61&amp;ssl=1\" data-large-file=\"https:\/\/i2.wp.com\/blogs.musikerohnegrenzen.de\/constantinsiebert\/wp-content\/uploads\/sites\/31\/2017\/10\/header2.png?fit=680%2C138&amp;ssl=1\" loading=\"lazy\" class=\"aligncenter size-full wp-image-280\" src=\"https:\/\/i2.wp.com\/blogs.musikerohnegrenzen.de\/constantinsiebert\/wp-content\/uploads\/sites\/31\/2017\/10\/header2.png?resize=680%2C138&#038;ssl=1\" alt=\"\" width=\"680\" height=\"138\" srcset=\"https:\/\/i2.wp.com\/blogs.musikerohnegrenzen.de\/constantinsiebert\/wp-content\/uploads\/sites\/31\/2017\/10\/header2.png?w=1380&amp;ssl=1 1380w, https:\/\/i2.wp.com\/blogs.musikerohnegrenzen.de\/constantinsiebert\/wp-content\/uploads\/sites\/31\/2017\/10\/header2.png?resize=300%2C61&amp;ssl=1 300w, https:\/\/i2.wp.com\/blogs.musikerohnegrenzen.de\/constantinsiebert\/wp-content\/uploads\/sites\/31\/2017\/10\/header2.png?resize=768%2C156&amp;ssl=1 768w, https:\/\/i2.wp.com\/blogs.musikerohnegrenzen.de\/constantinsiebert\/wp-content\/uploads\/sites\/31\/2017\/10\/header2.png?resize=1024%2C208&amp;ssl=1 1024w\" sizes=\"(max-width: 680px) 100vw, 680px\" data-recalc-dims=\"1\" \/>Warum machen wir das?<\/span><\/h2>\n<h2 style=\"text-align: justify\"><span style=\"font-size: 10pt\">Weil sich die Ernste Musik(branche) viel zu ernst nimmt. Macht euch mal locker. Was hei\u00dft hier eigentlich \u201eernste\u201c Musik? Wir unterscheiden hier nur zwischen guter und schlechter Musik.<\/span><\/h2>\n<\/blockquote>\n<h2 style=\"text-align: justify\"><a href=\"http:\/\/rpm-fanaticism.blogspot.de\/\">RPM Fanaticism<\/a><\/h2>\n<ul style=\"text-align: justify\">\n<li>Dies ist ein Blog meines guten Freundes D\u00e1vid, der sehr viel f\u00fcr Autos \u00fcbrig hat und es irgendwie geschafft hat, mit 19 Jahren einen Mustang probezufahren. Nicht zuletzt soll dies ein kleiner Anstupser f\u00fcr ihn sein, \u00fcber die neusten Ereignisse zu berichten. Das Gl\u00fcck, das er neulich als Autofanatiker hatte, k\u00f6nnte man n\u00e4mlich mit einem Lottogewinn f\u00fcr gew\u00f6hnliche Autofahrer vergleichen.<\/li>\n<\/ul>\n<blockquote>\n<p style=\"text-align: justify\"><span style=\"font-size: 10pt\">Sportliches und Extravagantes neu getestet. RPM Fanaticism: Rev it baby, rev it harder!<\/span><\/p>\n<p style=\"text-align: justify\"><span style=\"font-size: 10pt\"><a href=\"http:\/\/rpm-fanaticism.blogspot.de\/\"><img data-attachment-id=\"281\" data-permalink=\"https:\/\/blogs.musikerohnegrenzen.de\/constantinsiebert\/featured-blogs-presented-by-cons\/p1010945\/\" data-orig-file=\"https:\/\/i1.wp.com\/blogs.musikerohnegrenzen.de\/constantinsiebert\/wp-content\/uploads\/sites\/31\/2017\/10\/P1010945.jpg?fit=320%2C215&amp;ssl=1\" data-orig-size=\"320,215\" data-comments-opened=\"1\" data-image-meta=\"{&quot;aperture&quot;:&quot;0&quot;,&quot;credit&quot;:&quot;&quot;,&quot;camera&quot;:&quot;&quot;,&quot;caption&quot;:&quot;&quot;,&quot;created_timestamp&quot;:&quot;0&quot;,&quot;copyright&quot;:&quot;&quot;,&quot;focal_length&quot;:&quot;0&quot;,&quot;iso&quot;:&quot;0&quot;,&quot;shutter_speed&quot;:&quot;0&quot;,&quot;title&quot;:&quot;&quot;,&quot;orientation&quot;:&quot;0&quot;}\" data-image-title=\"P1010945\" data-image-description=\"\" data-image-caption=\"\" data-medium-file=\"https:\/\/i1.wp.com\/blogs.musikerohnegrenzen.de\/constantinsiebert\/wp-content\/uploads\/sites\/31\/2017\/10\/P1010945.jpg?fit=300%2C202&amp;ssl=1\" data-large-file=\"https:\/\/i1.wp.com\/blogs.musikerohnegrenzen.de\/constantinsiebert\/wp-content\/uploads\/sites\/31\/2017\/10\/P1010945.jpg?fit=320%2C215&amp;ssl=1\" loading=\"lazy\" class=\"alignleft wp-image-281 size-medium\" src=\"https:\/\/i1.wp.com\/blogs.musikerohnegrenzen.de\/constantinsiebert\/wp-content\/uploads\/sites\/31\/2017\/10\/P1010945.jpg?resize=300%2C202&#038;ssl=1\" alt=\"\" width=\"300\" height=\"202\" srcset=\"https:\/\/i1.wp.com\/blogs.musikerohnegrenzen.de\/constantinsiebert\/wp-content\/uploads\/sites\/31\/2017\/10\/P1010945.jpg?resize=300%2C202&amp;ssl=1 300w, https:\/\/i1.wp.com\/blogs.musikerohnegrenzen.de\/constantinsiebert\/wp-content\/uploads\/sites\/31\/2017\/10\/P1010945.jpg?w=320&amp;ssl=1 320w\" sizes=\"(max-width: 300px) 100vw, 300px\" data-recalc-dims=\"1\" \/><\/a>Ist spannender, als es klingt.<\/span><\/p>\n<\/blockquote>\n<\/div>\n<\/article>\n<\/div>\n<\/div>\n","protected":false},"excerpt":{"rendered":"<p>Viele gleichalterige Freunde, die jetzt nach dem Abi die Welt und sich selbst finden wollen, aber genauso coole Oldies (old but still rippin&#8216; hard) sind auch digital unterwegs. Die folgenden Blogs kann ich nur w\u00e4rmstens empfehlen: (ohne R\u00fccksicht auf eine &hellip; <a href=\"https:\/\/blogs.musikerohnegrenzen.de\/constantinsiebert\/featured-blogs-presented-by-cons\/\">Weiterlesen <span class=\"meta-nav\">&rarr;<\/span><\/a><\/p>\n","protected":false},"author":36,"featured_media":0,"parent":0,"menu_order":0,"comment_status":"closed","ping_status":"closed","template":"","meta":{"ngg_post_thumbnail":0,"spay_email":""},"jetpack_sharing_enabled":true,"jetpack_shortlink":"https:\/\/wp.me\/P9hKNZ-4m","jetpack_likes_enabled":true,"jetpack-related-posts":[{"id":19,"url":"https:\/\/blogs.musikerohnegrenzen.de\/constantinsiebert\/cons\/","url_meta":{"origin":270,"position":0},"title":"\u00dcber Cons","date":"11. Oktober 2017","format":false,"excerpt":"Cons ist ein neunzehnj\u00e4hriger Weltenbummler mit musikalischen Neigungen. Diese beiden Aspekte sieht er bei dem Verein Musiker ohne Grenzen (MoG) vereint und deshalb macht er jetzt f\u00fcr ein halbes Jahr einen musikalischen Freiwilligendienst in Ecuador, genauer Guayaquil. Er gibt dort in einem \u00e4rmlichen Viertel, Guasmo Sur, in der Musikschule Clave\u2026","rel":"","context":"\u00c4hnlicher Beitrag","img":{"alt_text":"","src":"https:\/\/i0.wp.com\/blogs.musikerohnegrenzen.de\/constantinsiebert\/wp-content\/uploads\/sites\/31\/2017\/10\/DSC00027-2.jpg?fit=300%2C353&ssl=1&resize=350%2C200","width":350,"height":200},"classes":[]},{"id":376,"url":"https:\/\/blogs.musikerohnegrenzen.de\/constantinsiebert\/ueber-musiker-ohne-grenzen\/","url_meta":{"origin":270,"position":1},"title":"\u00dcber Musiker ohne Grenzen","date":"9. November 2017","format":false,"excerpt":"Musiker ohne Grenzen begr\u00fcndet ein weltweites Netzwerk kreativer Musikprojekte, um Menschen einander n\u00e4her zu bringen und ihnen unabh\u00e4ngig von ihrer Lebenssituation einen Zugang zur Musik zu erm\u00f6glichen. Wir vermitteln MusikerInnen und Sachspenden, welche die Projekte in ihrer Arbeit unterst\u00fctzen. Mithilfe der Musik verbessern wir die Lebenswirklichkeit in sozialen Brennpunkten: Die\u2026","rel":"","context":"\u00c4hnlicher Beitrag","img":{"alt_text":"","src":"","width":0,"height":0},"classes":[]},{"id":108,"url":"https:\/\/blogs.musikerohnegrenzen.de\/constantinsiebert\/impressum\/","url_meta":{"origin":270,"position":2},"title":"Impressum","date":"17. Oktober 2017","format":false,"excerpt":"Impressum \u00a0","rel":"","context":"\u00c4hnlicher Beitrag","img":{"alt_text":"","src":"","width":0,"height":0},"classes":[]}],"_links":{"self":[{"href":"https:\/\/blogs.musikerohnegrenzen.de\/constantinsiebert\/wp-json\/wp\/v2\/pages\/270"}],"collection":[{"href":"https:\/\/blogs.musikerohnegrenzen.de\/constantinsiebert\/wp-json\/wp\/v2\/pages"}],"about":[{"href":"https:\/\/blogs.musikerohnegrenzen.de\/constantinsiebert\/wp-json\/wp\/v2\/types\/page"}],"author":[{"embeddable":true,"href":"https:\/\/blogs.musikerohnegrenzen.de\/constantinsiebert\/wp-json\/wp\/v2\/users\/36"}],"replies":[{"embeddable":true,"href":"https:\/\/blogs.musikerohnegrenzen.de\/constantinsiebert\/wp-json\/wp\/v2\/comments?post=270"}],"version-history":[{"count":17,"href":"https:\/\/blogs.musikerohnegrenzen.de\/constantinsiebert\/wp-json\/wp\/v2\/pages\/270\/revisions"}],"predecessor-version":[{"id":292,"href":"https:\/\/blogs.musikerohnegrenzen.de\/constantinsiebert\/wp-json\/wp\/v2\/pages\/270\/revisions\/292"}],"wp:attachment":[{"href":"https:\/\/blogs.musikerohnegrenzen.de\/constantinsiebert\/wp-json\/wp\/v2\/media?parent=270"}],"curies":[{"name":"wp","href":"https:\/\/api.w.org\/{rel}","templated":true}]}}